{"id":18,"date":"2020-09-16T18:54:35","date_gmt":"2020-09-16T18:54:35","guid":{"rendered":"https:\/\/fechsrs.com.br\/site\/?page_id=18"},"modified":"2020-09-17T03:39:42","modified_gmt":"2020-09-17T03:39:42","slug":"noticias","status":"publish","type":"page","link":"https:\/\/fechsrs.com.br\/site\/noticias\/","title":{"rendered":"Not\u00edcias"},"content":{"rendered":"\t\t<div data-elementor-type=\"wp-page\" data-elementor-id=\"18\" class=\"elementor elementor-18\">\n\t\t\t\t\t\t<div class=\"elementor-inner\">\n\t\t\t\t<div class=\"elementor-section-wrap\">\n\t\t\t\t\t\t\t\t\t<section class=\"elementor-section elementor-top-section elementor-element elementor-element-7cddc26 elementor-section-boxed elementor-section-height-default elementor-section-height-default\" data-id=\"7cddc26\" data-element_type=\"section\">\n\t\t\t\t\t\t<div class=\"elementor-container elementor-column-gap-default\">\n\t\t\t\t\t\t\t<div class=\"elementor-row\">\n\t\t\t\t\t<div class=\"elementor-column elementor-col-100 elementor-top-column elementor-element elementor-element-efd3cae\" data-id=\"efd3cae\" data-element_type=\"column\">\n\t\t\t<div class=\"elementor-column-wrap elementor-element-populated\">\n\t\t\t\t\t\t\t<div class=\"elementor-widget-wrap\">\n\t\t\t\t\t\t<div class=\"elementor-element elementor-element-0f0d99d elementor-posts--align-left elementor-grid-3 elementor-grid-tablet-2 elementor-grid-mobile-1 elementor-posts--thumbnail-top elementor-widget elementor-widget-posts\" data-id=\"0f0d99d\" data-element_type=\"widget\" data-settings=\"{&quot;classic_row_gap&quot;:{&quot;unit&quot;:&quot;px&quot;,&quot;size&quot;:13,&quot;sizes&quot;:[]},&quot;classic_columns&quot;:&quot;3&quot;,&quot;classic_columns_tablet&quot;:&quot;2&quot;,&quot;classic_columns_mobile&quot;:&quot;1&quot;}\" data-widget_type=\"posts.classic\">\n\t\t\t\t<div class=\"elementor-widget-container\">\n\t\t\t\t\t<div class=\"elementor-posts-container elementor-posts elementor-posts--skin-classic elementor-grid\">\n\t\t\t\t<article class=\"elementor-post elementor-grid-item post-315 post type-post status-publish format-standard has-post-thumbnail hentry category-uncategorized\">\n\t\t\t\t<a class=\"elementor-post__thumbnail__link\" href=\"https:\/\/fechsrs.com.br\/site\/2025\/12\/02\/feliz-natal-e-um-prospero-ano-novo\/\" >\n\t\t\t<div class=\"elementor-post__thumbnail\"><img width=\"240\" height=\"300\" src=\"https:\/\/fechsrs.com.br\/site\/wp-content\/uploads\/2025\/12\/Post-instagram-mensagem-feliz-natal-elegante-em-marrom-e-dourado-240x300.png\" class=\"attachment-medium size-medium wp-image-316\" alt=\"\" decoding=\"async\" loading=\"lazy\" srcset=\"https:\/\/fechsrs.com.br\/site\/wp-content\/uploads\/2025\/12\/Post-instagram-mensagem-feliz-natal-elegante-em-marrom-e-dourado-240x300.png 240w, https:\/\/fechsrs.com.br\/site\/wp-content\/uploads\/2025\/12\/Post-instagram-mensagem-feliz-natal-elegante-em-marrom-e-dourado-819x1024.png 819w, https:\/\/fechsrs.com.br\/site\/wp-content\/uploads\/2025\/12\/Post-instagram-mensagem-feliz-natal-elegante-em-marrom-e-dourado-768x960.png 768w, https:\/\/fechsrs.com.br\/site\/wp-content\/uploads\/2025\/12\/Post-instagram-mensagem-feliz-natal-elegante-em-marrom-e-dourado.png 1080w\" sizes=\"(max-width: 240px) 100vw, 240px\" \/><\/div>\n\t\t<\/a>\n\t\t\t\t<div class=\"elementor-post__text\">\n\t\t\t\t<h3 class=\"elementor-post__title\">\n\t\t\t<a href=\"https:\/\/fechsrs.com.br\/site\/2025\/12\/02\/feliz-natal-e-um-prospero-ano-novo\/\" >\n\t\t\t\tFeliz Natal e um pr\u00f3spero Ano Novo!\t\t\t<\/a>\n\t\t<\/h3>\n\t\t\t\t<div class=\"elementor-post__excerpt\">\n\t\t\t\t\t<\/div>\n\t\t\t\t<\/div>\n\t\t\t\t<\/article>\n\t\t\t\t<article class=\"elementor-post elementor-grid-item post-298 post type-post status-publish format-standard has-post-thumbnail hentry category-uncategorized\">\n\t\t\t\t<a class=\"elementor-post__thumbnail__link\" href=\"https:\/\/fechsrs.com.br\/site\/2025\/11\/13\/plebiscito-popular-mobiliza-mais-de-2-milhoes-e-garante-vitoria-no-congresso-nacional\/\" >\n\t\t\t<div class=\"elementor-post__thumbnail\"><img width=\"300\" height=\"192\" src=\"https:\/\/fechsrs.com.br\/site\/wp-content\/uploads\/2025\/11\/image_processing20241118-603166-yudnha-750x479-1-300x192.webp\" class=\"attachment-medium size-medium wp-image-299\" alt=\"\" decoding=\"async\" loading=\"lazy\" srcset=\"https:\/\/fechsrs.com.br\/site\/wp-content\/uploads\/2025\/11\/image_processing20241118-603166-yudnha-750x479-1-300x192.webp 300w, https:\/\/fechsrs.com.br\/site\/wp-content\/uploads\/2025\/11\/image_processing20241118-603166-yudnha-750x479-1.webp 750w\" sizes=\"(max-width: 300px) 100vw, 300px\" \/><\/div>\n\t\t<\/a>\n\t\t\t\t<div class=\"elementor-post__text\">\n\t\t\t\t<h3 class=\"elementor-post__title\">\n\t\t\t<a href=\"https:\/\/fechsrs.com.br\/site\/2025\/11\/13\/plebiscito-popular-mobiliza-mais-de-2-milhoes-e-garante-vitoria-no-congresso-nacional\/\" >\n\t\t\t\tPlebiscito Popular mobiliza mais de 2 milh\u00f5es e garante vit\u00f3ria no Congresso Nacional\t\t\t<\/a>\n\t\t<\/h3>\n\t\t\t\t<div class=\"elementor-post__excerpt\">\n\t\t\t<p>Foto: Manifesta\u00e7\u00e3o em S\u00e3o Paulo pelo fim da escala 6&#215;1: pauta tem ganhado for\u00e7a desde 2024 &#8211; Letycia Bond\/Ag\u00eancia Brasil. Fonte: Portal CTB-RS<\/p>\n\t\t<\/div>\n\t\t\t\t<\/div>\n\t\t\t\t<\/article>\n\t\t\t\t<article class=\"elementor-post elementor-grid-item post-295 post type-post status-publish format-standard has-post-thumbnail hentry category-uncategorized\">\n\t\t\t\t<a class=\"elementor-post__thumbnail__link\" href=\"https:\/\/fechsrs.com.br\/site\/2025\/11\/13\/entenda-as-regras-para-isencao-do-imposto-de-renda-e-taxacao-de-altas-rendas\/\" >\n\t\t\t<div class=\"elementor-post__thumbnail\"><img width=\"300\" height=\"225\" src=\"https:\/\/fechsrs.com.br\/site\/wp-content\/uploads\/2025\/11\/reforma-2--300x225.png\" class=\"attachment-medium size-medium wp-image-307\" alt=\"\" decoding=\"async\" loading=\"lazy\" srcset=\"https:\/\/fechsrs.com.br\/site\/wp-content\/uploads\/2025\/11\/reforma-2--300x225.png 300w, https:\/\/fechsrs.com.br\/site\/wp-content\/uploads\/2025\/11\/reforma-2--1024x768.png 1024w, https:\/\/fechsrs.com.br\/site\/wp-content\/uploads\/2025\/11\/reforma-2--768x576.png 768w, https:\/\/fechsrs.com.br\/site\/wp-content\/uploads\/2025\/11\/reforma-2-.png 1417w\" sizes=\"(max-width: 300px) 100vw, 300px\" \/><\/div>\n\t\t<\/a>\n\t\t\t\t<div class=\"elementor-post__text\">\n\t\t\t\t<h3 class=\"elementor-post__title\">\n\t\t\t<a href=\"https:\/\/fechsrs.com.br\/site\/2025\/11\/13\/entenda-as-regras-para-isencao-do-imposto-de-renda-e-taxacao-de-altas-rendas\/\" >\n\t\t\t\tEntenda as regras para isen\u00e7\u00e3o do Imposto de Renda e taxa\u00e7\u00e3o de altas rendas\t\t\t<\/a>\n\t\t<\/h3>\n\t\t\t\t<div class=\"elementor-post__excerpt\">\n\t\t\t<p>Fonte: Ag\u00eancia Senado &#8211; 05\/11\/2025, 13h50 O Projeto de Lei (PL) 1.087\/2025&nbsp;isenta o Imposto de Renda (IR) para quem ganha at\u00e9 R$ 5 mil mensais<\/p>\n\t\t<\/div>\n\t\t\t\t<\/div>\n\t\t\t\t<\/article>\n\t\t\t\t<article class=\"elementor-post elementor-grid-item post-254 post type-post status-publish format-standard has-post-thumbnail hentry category-uncategorized\">\n\t\t\t\t<a class=\"elementor-post__thumbnail__link\" href=\"https:\/\/fechsrs.com.br\/site\/2025\/10\/28\/posse-da-diretoria-da-federacao-fechs-rs-e-seminario-de-formacao\/\" >\n\t\t\t<div class=\"elementor-post__thumbnail\"><img width=\"300\" height=\"192\" src=\"https:\/\/fechsrs.com.br\/site\/wp-content\/uploads\/2025\/10\/WhatsApp-Image-2025-10-28-at-11.27.461-300x192.jpeg\" class=\"attachment-medium size-medium wp-image-256\" alt=\"\" decoding=\"async\" loading=\"lazy\" srcset=\"https:\/\/fechsrs.com.br\/site\/wp-content\/uploads\/2025\/10\/WhatsApp-Image-2025-10-28-at-11.27.461-300x192.jpeg 300w, https:\/\/fechsrs.com.br\/site\/wp-content\/uploads\/2025\/10\/WhatsApp-Image-2025-10-28-at-11.27.461-1024x655.jpeg 1024w, https:\/\/fechsrs.com.br\/site\/wp-content\/uploads\/2025\/10\/WhatsApp-Image-2025-10-28-at-11.27.461-768x492.jpeg 768w, https:\/\/fechsrs.com.br\/site\/wp-content\/uploads\/2025\/10\/WhatsApp-Image-2025-10-28-at-11.27.461-1536x983.jpeg 1536w, https:\/\/fechsrs.com.br\/site\/wp-content\/uploads\/2025\/10\/WhatsApp-Image-2025-10-28-at-11.27.461.jpeg 1600w\" sizes=\"(max-width: 300px) 100vw, 300px\" \/><\/div>\n\t\t<\/a>\n\t\t\t\t<div class=\"elementor-post__text\">\n\t\t\t\t<h3 class=\"elementor-post__title\">\n\t\t\t<a href=\"https:\/\/fechsrs.com.br\/site\/2025\/10\/28\/posse-da-diretoria-da-federacao-fechs-rs-e-seminario-de-formacao\/\" >\n\t\t\t\tPosse da Diretoria da Federa\u00e7\u00e3o &#8211; FECHS-RS e Semin\u00e1rio de Forma\u00e7\u00e3o\t\t\t<\/a>\n\t\t<\/h3>\n\t\t\t\t<div class=\"elementor-post__excerpt\">\n\t\t\t<p>Os dias 23 e 24 de outubro marcaram a solenidade de posse da Diretoria da Federa\u00e7\u00e3o dos Empregados em Hot\u00e9is, Restaurantes, Bares e Similares do<\/p>\n\t\t<\/div>\n\t\t\t\t<\/div>\n\t\t\t\t<\/article>\n\t\t\t\t<article class=\"elementor-post elementor-grid-item post-125 post type-post status-publish format-standard has-post-thumbnail hentry category-uncategorized\">\n\t\t\t\t<a class=\"elementor-post__thumbnail__link\" href=\"https:\/\/fechsrs.com.br\/site\/2020\/09\/17\/sindicatos-trabalham-ativamente-na-defesa-dos-trabalhadores-durante-a-quarentena\/\" >\n\t\t\t<div class=\"elementor-post__thumbnail\"><img width=\"300\" height=\"173\" src=\"https:\/\/fechsrs.com.br\/site\/wp-content\/uploads\/2020\/09\/unnamed-300x173.jpg\" class=\"attachment-medium size-medium wp-image-126\" alt=\"\" decoding=\"async\" loading=\"lazy\" srcset=\"https:\/\/fechsrs.com.br\/site\/wp-content\/uploads\/2020\/09\/unnamed-300x173.jpg 300w, https:\/\/fechsrs.com.br\/site\/wp-content\/uploads\/2020\/09\/unnamed.jpg 512w\" sizes=\"(max-width: 300px) 100vw, 300px\" \/><\/div>\n\t\t<\/a>\n\t\t\t\t<div class=\"elementor-post__text\">\n\t\t\t\t<h3 class=\"elementor-post__title\">\n\t\t\t<a href=\"https:\/\/fechsrs.com.br\/site\/2020\/09\/17\/sindicatos-trabalham-ativamente-na-defesa-dos-trabalhadores-durante-a-quarentena\/\" >\n\t\t\t\tSindicatos trabalham ativamente na defesa dos trabalhadores durante a quarentena\t\t\t<\/a>\n\t\t<\/h3>\n\t\t\t\t<div class=\"elementor-post__excerpt\">\n\t\t\t<p>O trabalho do sindicato em tempos de pandemia continua ativo, apesar das sedes e subsedes ainda estarem fechadas ao p\u00fablico por causa da quarentena para<\/p>\n\t\t<\/div>\n\t\t\t\t<\/div>\n\t\t\t\t<\/article>\n\t\t\t\t<article class=\"elementor-post elementor-grid-item post-76 post type-post status-publish format-standard has-post-thumbnail hentry category-uncategorized\">\n\t\t\t\t<a class=\"elementor-post__thumbnail__link\" href=\"https:\/\/fechsrs.com.br\/site\/2020\/09\/17\/pandemia-do-coronavirus-atinge-setor-hoteleiro-nacional-como-um-tsunami\/\" >\n\t\t\t<div class=\"elementor-post__thumbnail\"><img width=\"300\" height=\"200\" src=\"https:\/\/fechsrs.com.br\/site\/wp-content\/uploads\/2020\/09\/pousada-dos-pireneus-2-600x400-1-300x200.jpg\" class=\"attachment-medium size-medium wp-image-80\" alt=\"\" decoding=\"async\" loading=\"lazy\" srcset=\"https:\/\/fechsrs.com.br\/site\/wp-content\/uploads\/2020\/09\/pousada-dos-pireneus-2-600x400-1-300x200.jpg 300w, https:\/\/fechsrs.com.br\/site\/wp-content\/uploads\/2020\/09\/pousada-dos-pireneus-2-600x400-1.jpg 600w\" sizes=\"(max-width: 300px) 100vw, 300px\" \/><\/div>\n\t\t<\/a>\n\t\t\t\t<div class=\"elementor-post__text\">\n\t\t\t\t<h3 class=\"elementor-post__title\">\n\t\t\t<a href=\"https:\/\/fechsrs.com.br\/site\/2020\/09\/17\/pandemia-do-coronavirus-atinge-setor-hoteleiro-nacional-como-um-tsunami\/\" >\n\t\t\t\tPandemia do coronav\u00edrus atinge setor hoteleiro nacional como um \u201ctsunami\u201d\t\t\t<\/a>\n\t\t<\/h3>\n\t\t\t\t<div class=\"elementor-post__excerpt\">\n\t\t\t<p>Muitos hot\u00e9is, hot\u00e9is-fazenda, resorts e pousadas fecharam as portas. Entidades de turismo estimam em R$ 14 bilh\u00f5es os preju\u00edzos do segmento Ruas vazias, cidades com<\/p>\n\t\t<\/div>\n\t\t\t\t<\/div>\n\t\t\t\t<\/article>\n\t\t\t\t<article class=\"elementor-post elementor-grid-item post-72 post type-post status-publish format-standard has-post-thumbnail hentry category-uncategorized\">\n\t\t\t\t<a class=\"elementor-post__thumbnail__link\" href=\"https:\/\/fechsrs.com.br\/site\/2020\/09\/17\/confira-as-opcoes-de-saque-na-pandemia\/\" >\n\t\t\t<div class=\"elementor-post__thumbnail\"><img width=\"300\" height=\"155\" src=\"https:\/\/fechsrs.com.br\/site\/wp-content\/uploads\/2020\/09\/n_44093_c24f9ae141fa02c7fa1deea7e1149557-300x155.jpg\" class=\"attachment-medium size-medium wp-image-73\" alt=\"\" decoding=\"async\" loading=\"lazy\" srcset=\"https:\/\/fechsrs.com.br\/site\/wp-content\/uploads\/2020\/09\/n_44093_c24f9ae141fa02c7fa1deea7e1149557-300x155.jpg 300w, https:\/\/fechsrs.com.br\/site\/wp-content\/uploads\/2020\/09\/n_44093_c24f9ae141fa02c7fa1deea7e1149557-768x397.jpg 768w, https:\/\/fechsrs.com.br\/site\/wp-content\/uploads\/2020\/09\/n_44093_c24f9ae141fa02c7fa1deea7e1149557.jpg 870w\" sizes=\"(max-width: 300px) 100vw, 300px\" \/><\/div>\n\t\t<\/a>\n\t\t\t\t<div class=\"elementor-post__text\">\n\t\t\t\t<h3 class=\"elementor-post__title\">\n\t\t\t<a href=\"https:\/\/fechsrs.com.br\/site\/2020\/09\/17\/confira-as-opcoes-de-saque-na-pandemia\/\" >\n\t\t\t\tConfira as op\u00e7\u00f5es de saque na pandemia\t\t\t<\/a>\n\t\t<\/h3>\n\t\t\t\t<div class=\"elementor-post__excerpt\">\n\t\t\t<p>Trabalhador com saldo na conta do FGTS pode resgatar parte ou at\u00e9 todo o valor sem sair de casa. A medida provis\u00f3ria que autoriza o<\/p>\n\t\t<\/div>\n\t\t\t\t<\/div>\n\t\t\t\t<\/article>\n\t\t\t\t<article class=\"elementor-post elementor-grid-item post-31 post type-post status-publish format-standard has-post-thumbnail hentry category-uncategorized\">\n\t\t\t\t<a class=\"elementor-post__thumbnail__link\" href=\"https:\/\/fechsrs.com.br\/site\/2020\/09\/17\/termo-de-ajuste-de-conduta\/\" >\n\t\t\t<div class=\"elementor-post__thumbnail\"><img width=\"300\" height=\"200\" src=\"https:\/\/fechsrs.com.br\/site\/wp-content\/uploads\/2020\/09\/pessoas-300x200.jpg\" class=\"attachment-medium size-medium wp-image-66\" alt=\"\" decoding=\"async\" loading=\"lazy\" srcset=\"https:\/\/fechsrs.com.br\/site\/wp-content\/uploads\/2020\/09\/pessoas-300x200.jpg 300w, https:\/\/fechsrs.com.br\/site\/wp-content\/uploads\/2020\/09\/pessoas.jpg 600w\" sizes=\"(max-width: 300px) 100vw, 300px\" \/><\/div>\n\t\t<\/a>\n\t\t\t\t<div class=\"elementor-post__text\">\n\t\t\t\t<h3 class=\"elementor-post__title\">\n\t\t\t<a href=\"https:\/\/fechsrs.com.br\/site\/2020\/09\/17\/termo-de-ajuste-de-conduta\/\" >\n\t\t\t\tTERMO DE AJUSTE DE CONDUTA\t\t\t<\/a>\n\t\t<\/h3>\n\t\t\t\t<div class=\"elementor-post__excerpt\">\n\t\t\t<p>Perante o MINIST\u00c9RO P\u00daBLICO DO TRABALHO, neste ato representado pela Procuradora do Trabalho Patr\u00edcia de Mello Sanfelici, doravante chamado COMPROMITENTE, comprometendo-se a cumprir as seguintes<\/p>\n\t\t<\/div>\n\t\t\t\t<\/div>\n\t\t\t\t<\/article>\n\t\t\t\t<\/div>\n\t\t\t\t<\/div>\n\t\t\t\t<\/div>\n\t\t\t\t\t\t<\/div>\n\t\t\t\t\t<\/div>\n\t\t<\/div>\n\t\t\t\t\t\t\t\t<\/div>\n\t\t\t\t\t<\/div>\n\t\t<\/section>\n\t\t\t\t\t\t\t\t\t<\/div>\n\t\t\t<\/div>\n\t\t\t\t\t<\/div>\n\t\t","protected":false},"excerpt":{"rendered":"","protected":false},"author":1,"featured_media":0,"parent":0,"menu_order":0,"comment_status":"closed","ping_status":"closed","template":"elementor_header_footer","meta":[],"_links":{"self":[{"href":"https:\/\/fechsrs.com.br\/site\/wp-json\/wp\/v2\/pages\/18"}],"collection":[{"href":"https:\/\/fechsrs.com.br\/site\/wp-json\/wp\/v2\/pages"}],"about":[{"href":"https:\/\/fechsrs.com.br\/site\/wp-json\/wp\/v2\/types\/page"}],"author":[{"embeddable":true,"href":"https:\/\/fechsrs.com.br\/site\/wp-json\/wp\/v2\/users\/1"}],"replies":[{"embeddable":true,"href":"https:\/\/fechsrs.com.br\/site\/wp-json\/wp\/v2\/comments?post=18"}],"version-history":[{"count":6,"href":"https:\/\/fechsrs.com.br\/site\/wp-json\/wp\/v2\/pages\/18\/revisions"}],"predecessor-version":[{"id":99,"href":"https:\/\/fechsrs.com.br\/site\/wp-json\/wp\/v2\/pages\/18\/revisions\/99"}],"wp:attachment":[{"href":"https:\/\/fechsrs.com.br\/site\/wp-json\/wp\/v2\/media?parent=18"}],"curies":[{"name":"wp","href":"https:\/\/api.w.org\/{rel}","templated":true}]}}